{"id":164,"date":"2021-06-12T14:01:47","date_gmt":"2021-06-12T17:01:47","guid":{"rendered":"http:\/\/cbrac.com.br\/?page_id=164"},"modified":"2021-06-15T15:23:38","modified_gmt":"2021-06-15T18:23:38","slug":"conselho","status":"publish","type":"page","link":"https:\/\/cbrac.com.br\/index.php\/conselho\/","title":{"rendered":"Conselho"},"content":{"rendered":"<p>[et_pb_section fb_built=&#8221;1&#8243; _builder_version=&#8221;4.9.6&#8243; _module_preset=&#8221;default&#8221; background_color=&#8221;gcid-4da990d2-3943-4551-bd67-4b5c26049c51&#8243; custom_padding=&#8221;34px||22px|||&#8221; global_colors_info=&#8221;{%22gcid-4da990d2-3943-4551-bd67-4b5c26049c51%22:%91%22background_color%22%93}&#8221;][et_pb_row _builder_version=&#8221;4.9.6&#8243; _module_preset=&#8221;default&#8221; custom_padding=&#8221;29px||41px|||&#8221;][et_pb_column type=&#8221;4_4&#8243; _builder_version=&#8221;4.9.6&#8243; _module_preset=&#8221;default&#8221;][et_pb_text _builder_version=&#8221;4.9.6&#8243; _module_preset=&#8221;default&#8221; text_text_color=&#8221;#FFFFFF&#8221; text_font_size=&#8221;18px&#8221; text_line_height=&#8221;1.5em&#8221; hover_enabled=&#8221;0&#8243; sticky_enabled=&#8221;0&#8243;]<\/p>\n<p><span style=\"font-weight: 400;\">O <strong>Conselho Deliberativo<\/strong> \u00e9 um \u00f3rg\u00e3o independente e imparcial, com a compet\u00eancia para <strong>deliberar sobre a validade de cl\u00e1usulas<\/strong> de media\u00e7\u00e3o e conven\u00e7\u00f5es de arbitragem antes da constitui\u00e7\u00e3o do Tribunal Arbitral, decidir sobre a suspei\u00e7\u00e3o ou impedimento de mediadores e \u00e1rbitros, bem como nomear mediador ou \u00e1rbitro quando n\u00e3o houver consenso entre as partes. O Conselho Deliberativo \u00e9 composto pela <strong>Diretoria Executiva da CONFEDERA\u00c7\u00c3O NACIONAL DE NOT\u00c1RIOS E REGISTRADORES (CNR)<\/strong> e possuem mandato simult\u00e2neo, sendo necessariamente presidido pelo presidente desta, conforme previsto no Estatuto de Media\u00e7\u00e3o, Concilia\u00e7\u00e3o e de Arbitragem da C\u00c2MARA.<\/span><\/p>\n<p>[\/et_pb_text][\/et_pb_column][\/et_pb_row][\/et_pb_section][et_pb_section fb_built=&#8221;1&#8243; _builder_version=&#8221;4.9.6&#8243; _module_preset=&#8221;default&#8221; background_color=&#8221;#f2f2f2&#8243; custom_padding=&#8221;39px|||||&#8221;][et_pb_row _builder_version=&#8221;4.9.6&#8243; _module_preset=&#8221;default&#8221; custom_padding=&#8221;||0px|||&#8221;][et_pb_column type=&#8221;4_4&#8243; _builder_version=&#8221;4.9.6&#8243; _module_preset=&#8221;default&#8221;][et_pb_text _builder_version=&#8221;4.9.6&#8243; _module_preset=&#8221;default&#8221; text_font=&#8221;|600||on|||||&#8221; text_text_color=&#8221;gcid-4da990d2-3943-4551-bd67-4b5c26049c51&#8243; text_font_size=&#8221;21px&#8221; text_line_height=&#8221;1.3em&#8221; text_orientation=&#8221;center&#8221; global_colors_info=&#8221;{%22gcid-4da990d2-3943-4551-bd67-4b5c26049c51%22:%91%22text_text_color%22%93}&#8221;]<\/p>\n<p>CONHE\u00c7A O CONSELHO DELIBERATIVO<\/p>\n<p>[\/et_pb_text][et_pb_divider color=&#8221;#c6c6c6&#8243; _builder_version=&#8221;4.9.6&#8243; _module_preset=&#8221;default&#8221;][\/et_pb_divider][\/et_pb_column][\/et_pb_row][et_pb_row column_structure=&#8221;1_3,1_3,1_3&#8243; use_custom_gutter=&#8221;on&#8221; gutter_width=&#8221;2&#8243; _builder_version=&#8221;4.9.6&#8243; _module_preset=&#8221;default&#8221;][et_pb_column type=&#8221;1_3&#8243; _builder_version=&#8221;4.9.6&#8243; _module_preset=&#8221;default&#8221;][et_pb_blurb title=&#8221;Rog\u00e9rio Portugal Bacellar&#8221; use_icon=&#8221;on&#8221; font_icon=&#8221;%%258%%&#8221; icon_color=&#8221;#d3d3d3&#8243; use_circle=&#8221;on&#8221; circle_color=&#8221;#FFFFFF&#8221; use_circle_border=&#8221;on&#8221; circle_border_color=&#8221;#D3D3D3&#8243; _builder_version=&#8221;4.9.6&#8243; _module_preset=&#8221;default&#8221; header_font=&#8221;|600|||||||&#8221; header_text_align=&#8221;center&#8221; header_text_color=&#8221;gcid-4da990d2-3943-4551-bd67-4b5c26049c51&#8243; header_font_size=&#8221;20px&#8221; body_text_align=&#8221;center&#8221; body_text_color=&#8221;#9e9e9e&#8221; body_font_size=&#8221;18px&#8221; global_colors_info=&#8221;{%22gcid-4da990d2-3943-4551-bd67-4b5c26049c51%22:%91%22header_text_color%22%93}&#8221;]<\/p>\n<p><span style=\"font-weight: 400;\">Presidente<\/span><\/p>\n<p>[\/et_pb_blurb][\/et_pb_column][et_pb_column type=&#8221;1_3&#8243; _builder_version=&#8221;4.9.6&#8243; _module_preset=&#8221;default&#8221;][et_pb_blurb title=&#8221;Jos\u00e9 Marcelo de Castro Lima Filho&#8221; use_icon=&#8221;on&#8221; font_icon=&#8221;%%258%%&#8221; icon_color=&#8221;#d3d3d3&#8243; use_circle=&#8221;on&#8221; circle_color=&#8221;#FFFFFF&#8221; use_circle_border=&#8221;on&#8221; circle_border_color=&#8221;#D3D3D3&#8243; _builder_version=&#8221;4.9.6&#8243; _module_preset=&#8221;default&#8221; header_font=&#8221;|600|||||||&#8221; header_text_align=&#8221;center&#8221; header_text_color=&#8221;gcid-4da990d2-3943-4551-bd67-4b5c26049c51&#8243; header_font_size=&#8221;20px&#8221; body_text_align=&#8221;center&#8221; body_text_color=&#8221;#9e9e9e&#8221; body_font_size=&#8221;18px&#8221; global_colors_info=&#8221;{%22gcid-4da990d2-3943-4551-bd67-4b5c26049c51%22:%91%22header_text_color%22%93}&#8221;]<\/p>\n<p><span style=\"font-weight: 400;\">Vice Presidente<\/span><\/p>\n<p>[\/et_pb_blurb][\/et_pb_column][et_pb_column type=&#8221;1_3&#8243; _builder_version=&#8221;4.9.6&#8243; _module_preset=&#8221;default&#8221;][et_pb_blurb title=&#8221;Maur\u00edcio Leonardo&#8221; use_icon=&#8221;on&#8221; font_icon=&#8221;%%258%%&#8221; icon_color=&#8221;#d3d3d3&#8243; use_circle=&#8221;on&#8221; circle_color=&#8221;#FFFFFF&#8221; use_circle_border=&#8221;on&#8221; circle_border_color=&#8221;#D3D3D3&#8243; _builder_version=&#8221;4.9.6&#8243; _module_preset=&#8221;default&#8221; header_font=&#8221;|600|||||||&#8221; header_text_align=&#8221;center&#8221; header_text_color=&#8221;gcid-4da990d2-3943-4551-bd67-4b5c26049c51&#8243; header_font_size=&#8221;20px&#8221; body_text_align=&#8221;center&#8221; body_text_color=&#8221;#9e9e9e&#8221; body_font_size=&#8221;18px&#8221; global_colors_info=&#8221;{%22gcid-4da990d2-3943-4551-bd67-4b5c26049c51%22:%91%22header_text_color%22%93}&#8221;]<\/p>\n<p><span style=\"font-weight: 400;\">Vice Presidente<\/span><\/p>\n<p>[\/et_pb_blurb][\/et_pb_column][\/et_pb_row][et_pb_row column_structure=&#8221;1_3,1_3,1_3&#8243; use_custom_gutter=&#8221;on&#8221; gutter_width=&#8221;2&#8243; _builder_version=&#8221;4.9.6&#8243; _module_preset=&#8221;default&#8221;][et_pb_column type=&#8221;1_3&#8243; _builder_version=&#8221;4.9.6&#8243; _module_preset=&#8221;default&#8221;][et_pb_blurb title=&#8221;Emival Moreira Ara\u00fajo&#8221; use_icon=&#8221;on&#8221; font_icon=&#8221;%%258%%&#8221; icon_color=&#8221;#d3d3d3&#8243; use_circle=&#8221;on&#8221; circle_color=&#8221;#FFFFFF&#8221; use_circle_border=&#8221;on&#8221; circle_border_color=&#8221;#D3D3D3&#8243; _builder_version=&#8221;4.9.6&#8243; _module_preset=&#8221;default&#8221; header_font=&#8221;|600|||||||&#8221; header_text_align=&#8221;center&#8221; header_text_color=&#8221;gcid-4da990d2-3943-4551-bd67-4b5c26049c51&#8243; header_font_size=&#8221;20px&#8221; body_text_align=&#8221;center&#8221; body_text_color=&#8221;#9e9e9e&#8221; body_font_size=&#8221;18px&#8221; global_colors_info=&#8221;{%22gcid-4da990d2-3943-4551-bd67-4b5c26049c51%22:%91%22header_text_color%22%93}&#8221;]<\/p>\n<p><span style=\"font-weight: 400;\">Secret\u00e1rio Geral<\/span><\/p>\n<p>[\/et_pb_blurb][\/et_pb_column][et_pb_column type=&#8221;1_3&#8243; _builder_version=&#8221;4.9.6&#8243; _module_preset=&#8221;default&#8221;][et_pb_blurb title=&#8221;Mc Arthur Di Andrade Camargo&#8221; use_icon=&#8221;on&#8221; font_icon=&#8221;%%258%%&#8221; icon_color=&#8221;#d3d3d3&#8243; use_circle=&#8221;on&#8221; circle_color=&#8221;#FFFFFF&#8221; use_circle_border=&#8221;on&#8221; circle_border_color=&#8221;#D3D3D3&#8243; _builder_version=&#8221;4.9.6&#8243; _module_preset=&#8221;default&#8221; header_font=&#8221;|600|||||||&#8221; header_text_align=&#8221;center&#8221; header_text_color=&#8221;gcid-4da990d2-3943-4551-bd67-4b5c26049c51&#8243; header_font_size=&#8221;20px&#8221; body_text_align=&#8221;center&#8221; body_text_color=&#8221;#9e9e9e&#8221; body_font_size=&#8221;18px&#8221; global_colors_info=&#8221;{%22gcid-4da990d2-3943-4551-bd67-4b5c26049c51%22:%91%22header_text_color%22%93}&#8221;]<\/p>\n<p><span style=\"font-weight: 400;\">Tesoureiro<\/span><\/p>\n<p>[\/et_pb_blurb][\/et_pb_column][et_pb_column type=&#8221;1_3&#8243; _builder_version=&#8221;4.9.6&#8243; _module_preset=&#8221;default&#8221;][\/et_pb_column][\/et_pb_row][\/et_pb_section][et_pb_section fb_built=&#8221;1&#8243; _builder_version=&#8221;4.9.6&#8243; _module_preset=&#8221;default&#8221; custom_padding=&#8221;0px||0px|||&#8221;][et_pb_row _builder_version=&#8221;4.9.6&#8243; _module_preset=&#8221;default&#8221; custom_padding=&#8221;54px||0px|||&#8221;][et_pb_column type=&#8221;4_4&#8243; _builder_version=&#8221;4.9.6&#8243; _module_preset=&#8221;default&#8221;][et_pb_text _builder_version=&#8221;4.9.6&#8243; _module_preset=&#8221;default&#8221; text_font=&#8221;|600||on|||||&#8221; text_text_color=&#8221;gcid-4da990d2-3943-4551-bd67-4b5c26049c51&#8243; text_font_size=&#8221;21px&#8221; text_line_height=&#8221;1.3em&#8221; text_orientation=&#8221;center&#8221; global_colors_info=&#8221;{%22gcid-4da990d2-3943-4551-bd67-4b5c26049c51%22:%91%22text_text_color%22%93}&#8221;]<\/p>\n<p>CONHE\u00c7A O CONSELHO FISCAL<\/p>\n<p>[\/et_pb_text][et_pb_divider color=&#8221;#c6c6c6&#8243; _builder_version=&#8221;4.9.6&#8243; _module_preset=&#8221;default&#8221;][\/et_pb_divider][\/et_pb_column][\/et_pb_row][et_pb_row column_structure=&#8221;1_3,1_3,1_3&#8243; use_custom_gutter=&#8221;on&#8221; gutter_width=&#8221;2&#8243; _builder_version=&#8221;4.9.6&#8243; _module_preset=&#8221;default&#8221;][et_pb_column type=&#8221;1_3&#8243; _builder_version=&#8221;4.9.6&#8243; _module_preset=&#8221;default&#8221;][et_pb_blurb title=&#8221;Luiz Gustavo Le\u00e3o Ribeiro&#8221; use_icon=&#8221;on&#8221; font_icon=&#8221;%%258%%&#8221; icon_color=&#8221;#d3d3d3&#8243; use_circle=&#8221;on&#8221; circle_color=&#8221;#FFFFFF&#8221; use_circle_border=&#8221;on&#8221; circle_border_color=&#8221;#D3D3D3&#8243; _builder_version=&#8221;4.9.6&#8243; _module_preset=&#8221;default&#8221; header_font=&#8221;|600|||||||&#8221; header_text_align=&#8221;center&#8221; header_text_color=&#8221;gcid-4da990d2-3943-4551-bd67-4b5c26049c51&#8243; header_font_size=&#8221;20px&#8221; body_text_align=&#8221;center&#8221; body_text_color=&#8221;#9e9e9e&#8221; body_font_size=&#8221;18px&#8221; global_colors_info=&#8221;{%22gcid-4da990d2-3943-4551-bd67-4b5c26049c51%22:%91%22header_text_color%22%93}&#8221;]<\/p>\n<p><span style=\"font-weight: 400;\">Conselho Fiscal<\/span><\/p>\n<p>[\/et_pb_blurb][\/et_pb_column][et_pb_column type=&#8221;1_3&#8243; _builder_version=&#8221;4.9.6&#8243; _module_preset=&#8221;default&#8221;][et_pb_blurb title=&#8221;Oscar Paes de Almeida Filho&#8221; use_icon=&#8221;on&#8221; font_icon=&#8221;%%258%%&#8221; icon_color=&#8221;#d3d3d3&#8243; use_circle=&#8221;on&#8221; circle_color=&#8221;#FFFFFF&#8221; use_circle_border=&#8221;on&#8221; circle_border_color=&#8221;#D3D3D3&#8243; _builder_version=&#8221;4.9.6&#8243; _module_preset=&#8221;default&#8221; header_font=&#8221;|600|||||||&#8221; header_text_align=&#8221;center&#8221; header_text_color=&#8221;gcid-4da990d2-3943-4551-bd67-4b5c26049c51&#8243; header_font_size=&#8221;20px&#8221; body_text_align=&#8221;center&#8221; body_text_color=&#8221;#9e9e9e&#8221; body_font_size=&#8221;18px&#8221; global_colors_info=&#8221;{%22gcid-4da990d2-3943-4551-bd67-4b5c26049c51%22:%91%22header_text_color%22%93}&#8221;]<\/p>\n<p><span style=\"font-weight: 400;\">Conselho Fiscal<\/span><\/p>\n<p>[\/et_pb_blurb][\/et_pb_column][et_pb_column type=&#8221;1_3&#8243; _builder_version=&#8221;4.9.6&#8243; _module_preset=&#8221;default&#8221;][et_pb_blurb title=&#8221;Ricardo Augusto Le\u00e3o&#8221; use_icon=&#8221;on&#8221; font_icon=&#8221;%%258%%&#8221; icon_color=&#8221;#d3d3d3&#8243; use_circle=&#8221;on&#8221; circle_color=&#8221;#FFFFFF&#8221; use_circle_border=&#8221;on&#8221; circle_border_color=&#8221;#D3D3D3&#8243; _builder_version=&#8221;4.9.6&#8243; _module_preset=&#8221;default&#8221; header_font=&#8221;|600|||||||&#8221; header_text_align=&#8221;center&#8221; header_text_color=&#8221;gcid-4da990d2-3943-4551-bd67-4b5c26049c51&#8243; header_font_size=&#8221;20px&#8221; body_text_align=&#8221;center&#8221; body_text_color=&#8221;#9e9e9e&#8221; body_font_size=&#8221;18px&#8221; global_colors_info=&#8221;{%22gcid-4da990d2-3943-4551-bd67-4b5c26049c51%22:%91%22header_text_color%22%93}&#8221;]<\/p>\n<p><span style=\"font-weight: 400;\">Conselho Fiscal<\/span><\/p>\n<p>[\/et_pb_blurb][\/et_pb_column][\/et_pb_row][\/et_pb_section]<\/p>\n","protected":false},"excerpt":{"rendered":"<p>[et_pb_section fb_built=&#8221;1&#8243; _builder_version=&#8221;4.9.6&#8243; _module_preset=&#8221;default&#8221; background_color=&#8221;gcid-4da990d2-3943-4551-bd67-4b5c26049c51&#8243; custom_padding=&#8221;34px||22px|||&#8221; global_colors_info=&#8221;{%22gcid-4da990d2-3943-4551-bd67-4b5c26049c51%22:%91%22background_color%22%93}&#8221;][et_pb_row _builder_version=&#8221;4.9.6&#8243; _module_preset=&#8221;default&#8221; custom_padding=&#8221;29px||41px|||&#8221;][et_pb_column type=&#8221;4_4&#8243; _builder_version=&#8221;4.9.6&#8243; _module_preset=&#8221;default&#8221;][et_pb_text _builder_version=&#8221;4.9.6&#8243; _module_preset=&#8221;default&#8221; text_text_color=&#8221;#FFFFFF&#8221; text_font_size=&#8221;18px&#8221; text_line_height=&#8221;1.5em&#8221; hover_enabled=&#8221;0&#8243; sticky_enabled=&#8221;0&#8243;] O Conselho Deliberativo \u00e9 um \u00f3rg\u00e3o independente e imparcial, com a compet\u00eancia para deliberar sobre a validade de cl\u00e1usulas de media\u00e7\u00e3o e conven\u00e7\u00f5es de arbitragem antes da constitui\u00e7\u00e3o do Tribunal Arbitral, decidir sobre a suspei\u00e7\u00e3o [&hellip;]<\/p>\n","protected":false},"author":1,"featured_media":0,"parent":0,"menu_order":0,"comment_status":"closed","ping_status":"closed","template":"","meta":{"_et_pb_use_builder":"on","_et_pb_old_content":"","_et_gb_content_width":"","om_disable_all_campaigns":false,"_monsterinsights_skip_tracking":false,"_monsterinsights_sitenote_active":false,"_monsterinsights_sitenote_note":"","_monsterinsights_sitenote_category":0,"footnotes":""},"class_list":["post-164","page","type-page","status-publish","hentry"],"_links":{"self":[{"href":"https:\/\/cbrac.com.br\/index.php\/wp-json\/wp\/v2\/pages\/164"}],"collection":[{"href":"https:\/\/cbrac.com.br\/index.php\/wp-json\/wp\/v2\/pages"}],"about":[{"href":"https:\/\/cbrac.com.br\/index.php\/wp-json\/wp\/v2\/types\/page"}],"author":[{"embeddable":true,"href":"https:\/\/cbrac.com.br\/index.php\/wp-json\/wp\/v2\/users\/1"}],"replies":[{"embeddable":true,"href":"https:\/\/cbrac.com.br\/index.php\/wp-json\/wp\/v2\/comments?post=164"}],"version-history":[{"count":6,"href":"https:\/\/cbrac.com.br\/index.php\/wp-json\/wp\/v2\/pages\/164\/revisions"}],"predecessor-version":[{"id":211,"href":"https:\/\/cbrac.com.br\/index.php\/wp-json\/wp\/v2\/pages\/164\/revisions\/211"}],"wp:attachment":[{"href":"https:\/\/cbrac.com.br\/index.php\/wp-json\/wp\/v2\/media?parent=164"}],"curies":[{"name":"wp","href":"https:\/\/api.w.org\/{rel}","templated":true}]}}